{"id":4720,"date":"2015-04-23T10:03:54","date_gmt":"2015-04-23T07:03:54","guid":{"rendered":"http:\/\/www.rkropisto.fi\/?p=4720"},"modified":"2022-01-04T20:55:40","modified_gmt":"2022-01-04T18:55:40","slug":"tervetuloa-reisjarven-messuille","status":"publish","type":"uutiset","link":"https:\/\/www.rkropisto.fi\/en\/uutiset\/tervetuloa-reisjarven-messuille\/","title":{"rendered":"Tervetuloa Reisj\u00e4rven messuille!"},"content":{"rendered":"<p><img loading=\"lazy\" decoding=\"async\" class=\" size-medium wp-image-4722 alignnone\" src=\"http:\/\/rkropisto.fi\/wp-content\/uploads\/2015\/04\/Reisj\u00e4rven-messut-310x217.jpg\" alt=\"Reisj\u00e4rven messut\" width=\"310\" height=\"217\" \/><\/p>\n<p><strong>Tervetuloa<\/strong> yritt\u00e4jyyslinjan j\u00e4rjest\u00e4mille Reisj\u00e4rven messuille Niemenkartanon koululle 25.4.2015 klo 10-16. Pyyd\u00e4 yst\u00e4v\u00e4sikin mukaan! Messuille on vapaa p\u00e4\u00e4sy. <a title=\"Reisj\u00e4rven messut\" href=\"http:\/\/www.reisjarvenmessut.fi\/\" target=\"_blank\" rel=\"noopener\">Tutustu messusivustoon<\/a>.<\/p>\n","protected":false},"excerpt":{"rendered":"<p>Tervetuloa yritt\u00e4jyyslinjan j\u00e4rjest\u00e4mille Reisj\u00e4rven messuille Niemenkartanon koululle 25.4.2015 klo 10-16. Pyyd\u00e4 yst\u00e4v\u00e4sikin mukaan! Messuille on vapaa p\u00e4\u00e4sy. Tutustu messusivustoon.<\/p>\n","protected":false},"featured_media":0,"template":"","class_list":["post-4720","uutiset","type-uutiset","status-publish","hentry"],"_links":{"self":[{"href":"https:\/\/www.rkropisto.fi\/en\/wp-json\/wp\/v2\/uutiset\/4720","targetHints":{"allow":["GET"]}}],"collection":[{"href":"https:\/\/www.rkropisto.fi\/en\/wp-json\/wp\/v2\/uutiset"}],"about":[{"href":"https:\/\/www.rkropisto.fi\/en\/wp-json\/wp\/v2\/types\/uutiset"}],"wp:attachment":[{"href":"https:\/\/www.rkropisto.fi\/en\/wp-json\/wp\/v2\/media?parent=4720"}],"curies":[{"name":"wp","href":"https:\/\/api.w.org\/{rel}","templated":true}]}}